{"id":1316,"date":"2018-09-16T06:09:57","date_gmt":"2018-09-16T06:09:57","guid":{"rendered":"http:\/\/192.168.1.3\/wp\/kordex\/?page_id=1316"},"modified":"2025-05-01T22:41:04","modified_gmt":"2025-05-01T20:41:04","slug":"barra-lateral-del-blog","status":"publish","type":"page","link":"https:\/\/juergenputz.com\/es\/barra-lateral-del-blog\/","title":{"rendered":"Barra lateral del blog"},"content":{"rendered":"<div data-elementor-type=\"wp-post\" data-elementor-id=\"1316\" class=\"elementor elementor-1316\">\n\t\t\t\t\t\t<section class=\"jarallax lazyload elementor-section elementor-top-section elementor-element elementor-element-e41cbe2 elementor-section-full_width elementor-section-height-default elementor-section-height-default\" data-jarallax=\"\" data-speed=\"0.75\" data-type=\"scroll\" data-parallax=\"scroll\" style=\"background-image:url(&quot;https:\/\/juergenputz.com\/wp-content\/uploads\/2022\/08\/Namib_Reifen.jpg&quot;);\" data-image-src=\"https:\/\/juergenputz.com\/wp-content\/uploads\/2022\/08\/Namib_Reifen.jpg\" data-id=\"e41cbe2\" data-element_type=\"section\" data-e-type=\"section\" data-settings=\"{&quot;background_background&quot;:&quot;classic&quot;}\">\n\t\t\t\t\t\t\t<div class=\"elementor-background-overlay\"><\/div>\n\t\t\t\t\t\t\t<div class=\"elementor-container elementor-column-gap-default\">\n\t\t\t\t\t<div class=\"elementor-column elementor-col-100 elementor-top-column elementor-element elementor-element-8dd054d\" data-id=\"8dd054d\" data-element_type=\"column\" data-e-type=\"column\">\n\t\t\t<div class=\"elementor-widget-wrap elementor-element-populated\">\n\t\t\t\t\t\t<div class=\"elementor-element elementor-element-cd482e8 section-align-center section-size-large subtitle-style-default elementor-widget elementor-widget-section-heading\" data-id=\"cd482e8\" data-element_type=\"widget\" data-e-type=\"widget\" data-widget_type=\"section-heading.default\">\n\t\t\t\t<div class=\"elementor-widget-container\">\n\t\t\t\t\t<div class=\"section-heading headingstyle-subtitle\"><div class=\"section-title-wrapper\"><h2 class=\"entry-title section-title\">Relatos de viajes<\/h2><\/div><div class=\"section-description clearfix\"><div class=\"section-description-inner\"><p>\"Como todos los grandes viajeros, he visto m\u00e1s de lo que recuerdo, y recuerdo m\u00e1s de lo que he visto\". Benjamin Disraeli<\/p><\/p>\n<\/div><\/div><\/div>\t\t\t\t<\/div>\n\t\t\t\t<\/div>\n\t\t\t\t\t<\/div>\n\t\t<\/div>\n\t\t\t\t\t<\/div>\n\t\t<\/section>\n\t\t\t\t<section class=\"elementor-section elementor-top-section elementor-element elementor-element-30e30e0 elementor-section-boxed elementor-section-height-default elementor-section-height-default\" data-id=\"30e30e0\" data-element_type=\"section\" data-e-type=\"section\" data-settings=\"{&quot;background_background&quot;:&quot;classic&quot;}\">\n\t\t\t\t\t\t\t<div class=\"elementor-background-overlay\"><\/div>\n\t\t\t\t\t\t\t<div class=\"elementor-container elementor-column-gap-custom\">\n\t\t\t\t\t<div class=\"elementor-column elementor-col-100 elementor-top-column elementor-element elementor-element-058e4a7\" data-id=\"058e4a7\" data-element_type=\"column\" data-e-type=\"column\">\n\t\t\t<div class=\"elementor-widget-wrap elementor-element-populated\">\n\t\t\t\t\t\t<div class=\"elementor-element elementor-element-27c1697 elementor-widget elementor-widget-text-editor\" data-id=\"27c1697\" data-element_type=\"widget\" data-e-type=\"widget\" data-widget_type=\"text-editor.default\">\n\t\t\t\t<div class=\"elementor-widget-container\">\n\t\t\t\t\t\t\t\t\t<h3><strong>\u00a0- \u00daltimas noticias sobre viajes -\u00a0<\/strong><\/h3>\t\t\t\t\t\t\t\t<\/div>\n\t\t\t\t<\/div>\n\t\t\t\t\t<\/div>\n\t\t<\/div>\n\t\t\t\t\t<\/div>\n\t\t<\/section>\n\t\t\t\t<section class=\"elementor-section elementor-top-section elementor-element elementor-element-6821ec8 elementor-section-boxed elementor-section-height-default elementor-section-height-default\" data-id=\"6821ec8\" data-element_type=\"section\" data-e-type=\"section\" data-settings=\"{&quot;background_background&quot;:&quot;classic&quot;}\">\n\t\t\t\t\t\t\t<div class=\"elementor-background-overlay\"><\/div>\n\t\t\t\t\t\t\t<div class=\"elementor-container elementor-column-gap-custom\">\n\t\t\t\t\t<div class=\"elementor-column elementor-col-50 elementor-top-column elementor-element elementor-element-39438e0\" data-id=\"39438e0\" data-element_type=\"column\" data-e-type=\"column\" data-settings=\"{&quot;background_background&quot;:&quot;classic&quot;}\">\n\t\t\t<div class=\"elementor-widget-wrap elementor-element-populated\">\n\t\t\t\t\t\t<div class=\"elementor-element elementor-element-d502cc9 elementor-widget elementor-widget-blog-grid\" data-id=\"d502cc9\" data-element_type=\"widget\" data-e-type=\"widget\" data-widget_type=\"blog-grid.default\">\n\t\t\t\t<div class=\"elementor-widget-container\">\n\t\t\t\t\t<div class=\"portfolio-grid-container portfolio-gridblock-columns-wrap grid-has-blog\"><div id=\"gridblock-container\" class=\"portfolio-gutter-spaced    has-effect-zoom grid-style-classic gridblock-three clearfix\" data-columns=\"3\"><div class=\"gridblock-element grid-animate-display-all isotope-displayed gridblock-element-id-5542 gridblock-element-order-1  gridblock-filterable\" data-portfolio=\"portfolio-5542\" data-id=\"id-2\"><div class=\"gridblock-grid-element gridblock-element-inner\" data-portfolioid=\"5542\"><div class=\"gridblock-background-hover\"><a class=\"gridblock-sole-link\" href=\"https:\/\/juergenputz.com\/es\/un-viaje-al-sur-de-albania-2\/\"><div class=\"gridblock-links-wrap box-title-\"><span class=\"column-gridblock-icon\"><span class=\"hover-icon-effect\"><i class=\"ion-ios-plus-empty\"><\/i><\/span><\/span><\/div><\/a><\/div><img decoding=\"async\" src=\"https:\/\/juergenputz.com\/wp-content\/themes\/blacksilver\/images\/placeholders\/placeholder-770x550.gif\" data-src=\"https:\/\/juergenputz.com\/wp-content\/uploads\/2025\/05\/Kirche-Saint-Joseph-770x550.jpg\" alt=\"\" class=\"displayed-image lazyload\"\/><\/div><div class=\"summary-info\"><div class=\"summary-date\"><i class=\"feather-icon-clock\"><\/i> 26 abril 2025<\/div><div class=\"summary-comment\"><a href=\"https:\/\/juergenputz.com\/es\/un-viaje-al-sur-de-albania-2\/#comments\">2 <i class=\"feather-icon-speech-bubble\"><\/i><\/a><\/div><\/div><div class=\"work-details\"><div class=\"worktype-categories\">Francia , Le Havre , Viajes urbanos<\/div><h4><a href=\"https:\/\/juergenputz.com\/es\/un-viaje-al-sur-de-albania-2\/\">Le Havre: luz, aire y espacio en el Canal de la Mancha<\/a><\/h4><p class=\"entry-content work-description\">Le Havre: luz, aire y espacio en el Canal de la Mancha La ciudad francesa de Le Havre est\u00e1 situada directamente en la desembocadura del Sena en el Canal de la Mancha. Con...<\/p><a class=\"theme-btn-link\" href=\"https:\/\/juergenputz.com\/es\/un-viaje-al-sur-de-albania-2\/\"><div class=\"theme-btn theme-btn-outline-primary theme-hover-arrow\">Seguir leyendo<\/div><\/a><\/div><\/div><div class=\"gridblock-element grid-animate-display-all isotope-displayed gridblock-element-id-5517 gridblock-element-order-2  gridblock-filterable\" data-portfolio=\"portfolio-5517\" data-id=\"id-3\"><div class=\"gridblock-grid-element gridblock-element-inner\" data-portfolioid=\"5517\"><div class=\"gridblock-background-hover\"><a class=\"gridblock-sole-link\" href=\"https:\/\/juergenputz.com\/es\/un-viaje-al-sur-de-albania\/\"><div class=\"gridblock-links-wrap box-title-\"><span class=\"column-gridblock-icon\"><span class=\"hover-icon-effect\"><i class=\"ion-ios-plus-empty\"><\/i><\/span><\/span><\/div><\/a><\/div><img decoding=\"async\" src=\"https:\/\/juergenputz.com\/wp-content\/themes\/blacksilver\/images\/placeholders\/placeholder-770x550.gif\" data-src=\"https:\/\/juergenputz.com\/wp-content\/uploads\/2024\/11\/ALB_Goranxi-Tekke_007-770x550.jpg\" alt=\"\" class=\"displayed-image lazyload\"\/><\/div><div class=\"summary-info\"><div class=\"summary-date\"><i class=\"feather-icon-clock\"><\/i> 13 noviembre 2024<\/div><div class=\"summary-comment\"><a href=\"https:\/\/juergenputz.com\/es\/un-viaje-al-sur-de-albania\/#comments\">1 <i class=\"feather-icon-speech-bubble\"><\/i><\/a><\/div><\/div><div class=\"work-details\"><div class=\"worktype-categories\">Albania , Viaje por carretera<\/div><h4><a href=\"https:\/\/juergenputz.com\/es\/un-viaje-al-sur-de-albania\/\">Albania: un viaje a trav\u00e9s de un pa\u00eds camino de Europa<\/a><\/h4><p class=\"entry-content work-description\">Albania: un viaje por un pa\u00eds en su camino hacia Europa Con el fin de la dictadura comunista en junio de 1991,...<\/p><a class=\"theme-btn-link\" href=\"https:\/\/juergenputz.com\/es\/un-viaje-al-sur-de-albania\/\"><div class=\"theme-btn theme-btn-outline-primary theme-hover-arrow\">Seguir leyendo<\/div><\/a><\/div><\/div><div class=\"gridblock-element grid-animate-display-all isotope-displayed gridblock-element-id-4925 gridblock-element-order-3  gridblock-filterable\" data-portfolio=\"portfolio-4925\" data-id=\"id-4\"><div class=\"gridblock-grid-element gridblock-element-inner\" data-portfolioid=\"4925\"><div class=\"gridblock-background-hover\"><a class=\"gridblock-sole-link\" href=\"https:\/\/juergenputz.com\/es\/la-ruta-de-corfu\/\"><div class=\"gridblock-links-wrap box-title-\"><span class=\"column-gridblock-icon\"><span class=\"hover-icon-effect\"><i class=\"ion-ios-plus-empty\"><\/i><\/span><\/span><\/div><\/a><\/div><img decoding=\"async\" src=\"https:\/\/juergenputz.com\/wp-content\/themes\/blacksilver\/images\/placeholders\/placeholder-770x550.gif\" data-src=\"https:\/\/juergenputz.com\/wp-content\/uploads\/2024\/08\/Ausblick-auf-Albanien-770x550.jpg\" alt=\"\" class=\"displayed-image lazyload\"\/><\/div><div class=\"summary-info\"><div class=\"summary-date\"><i class=\"feather-icon-clock\"><\/i> 30 de julio de 2024<\/div><div class=\"summary-comment\"><a href=\"https:\/\/juergenputz.com\/es\/la-ruta-de-corfu\/#comments\">2 <i class=\"feather-icon-speech-bubble\"><\/i><\/a><\/div><\/div><div class=\"work-details\"><div class=\"worktype-categories\">Excursiones<\/div><h4><a href=\"https:\/\/juergenputz.com\/es\/la-ruta-de-corfu\/\">La ruta de Corf\u00fa<\/a><\/h4><p class=\"entry-content work-description\">Kerkyra es el nombre griego moderno de Corf\u00fa, la m\u00e1s septentrional de las islas J\u00f3nicas. Se encuentra a la entrada del mar Adri\u00e1tico, entre el tal\u00f3n de la bota de la pen\u00ednsula it\u00e1lica...<\/p><a class=\"theme-btn-link\" href=\"https:\/\/juergenputz.com\/es\/la-ruta-de-corfu\/\"><div class=\"theme-btn theme-btn-outline-primary theme-hover-arrow\">Seguir leyendo<\/div><\/a><\/div><\/div><div class=\"gridblock-element grid-animate-display-all isotope-displayed gridblock-element-id-3715 gridblock-element-order-4  gridblock-filterable\" data-portfolio=\"portfolio-3715\" data-id=\"id-5\"><div class=\"gridblock-grid-element gridblock-element-inner\" data-portfolioid=\"3715\"><div class=\"gridblock-background-hover\"><a class=\"gridblock-sole-link\" href=\"https:\/\/juergenputz.com\/es\/kolmanskuppe-y-la-fiebre-del-diamante\/\"><div class=\"gridblock-links-wrap box-title-\"><span class=\"column-gridblock-icon\"><span class=\"hover-icon-effect\"><i class=\"ion-ios-plus-empty\"><\/i><\/span><\/span><\/div><\/a><\/div><img decoding=\"async\" src=\"https:\/\/juergenputz.com\/wp-content\/themes\/blacksilver\/images\/placeholders\/placeholder-770x550.gif\" data-src=\"https:\/\/juergenputz.com\/wp-content\/uploads\/2022\/07\/Kolmannskuppe_Bahnhofsschild-770x550.jpg\" alt=\"\" class=\"displayed-image lazyload\"\/><\/div><div class=\"summary-info\"><div class=\"summary-date\"><i class=\"feather-icon-clock\"><\/i> 26 julio 2022<\/div><div class=\"summary-comment\"><a href=\"https:\/\/juergenputz.com\/es\/kolmanskuppe-y-la-fiebre-del-diamante\/#respond\">0 <i class=\"feather-icon-speech-bubble\"><\/i><\/a><\/div><\/div><div class=\"work-details\"><div class=\"worktype-categories\">Namibia<\/div><h4><a href=\"https:\/\/juergenputz.com\/es\/kolmanskuppe-y-la-fiebre-del-diamante\/\">Kolmannskuppe y la fiebre del diamante<\/a><\/h4><p class=\"entry-content work-description\">En abril de 1908, el ferroviario namibio Zacharias Levala descubri\u00f3 unas vistas maravillosas en la reci\u00e9n terminada l\u00ednea de ferrocarril entre L\u00fcderitz y Keetmanshoop, cerca de la estaci\u00f3n de ferrocarril \"Grasplatz\" .....<\/p><a class=\"theme-btn-link\" href=\"https:\/\/juergenputz.com\/es\/kolmanskuppe-y-la-fiebre-del-diamante\/\"><div class=\"theme-btn theme-btn-outline-primary theme-hover-arrow\">Seguir leyendo<\/div><\/a><\/div><\/div><div class=\"gridblock-element grid-animate-display-all isotope-displayed gridblock-element-id-3645 gridblock-element-order-5  gridblock-filterable\" data-portfolio=\"portfolio-3645\" data-id=\"id-6\"><div class=\"gridblock-grid-element gridblock-element-inner\" data-portfolioid=\"3645\"><div class=\"gridblock-background-hover\"><a class=\"gridblock-sole-link\" href=\"https:\/\/juergenputz.com\/es\/louis-botha-y-los-caballos-salvajes\/\"><div class=\"gridblock-links-wrap box-title-\"><span class=\"column-gridblock-icon\"><span class=\"hover-icon-effect\"><i class=\"ion-ios-plus-empty\"><\/i><\/span><\/span><\/div><\/a><\/div><img decoding=\"async\" src=\"https:\/\/juergenputz.com\/wp-content\/themes\/blacksilver\/images\/placeholders\/placeholder-770x550.gif\" data-src=\"https:\/\/juergenputz.com\/wp-content\/uploads\/2022\/07\/Wildpferd-in-der-Namib-770x550.jpg\" alt=\"\" class=\"displayed-image lazyload\"\/><\/div><div class=\"summary-info\"><div class=\"summary-date\"><i class=\"feather-icon-clock\"><\/i> 19 de julio de 2022<\/div><div class=\"summary-comment\"><a href=\"https:\/\/juergenputz.com\/es\/louis-botha-y-los-caballos-salvajes\/#respond\">0 <i class=\"feather-icon-speech-bubble\"><\/i><\/a><\/div><\/div><div class=\"work-details\"><div class=\"worktype-categories\">Namibia<\/div><h4><a href=\"https:\/\/juergenputz.com\/es\/louis-botha-y-los-caballos-salvajes\/\">Louis Botha y los caballos salvajes<\/a><\/h4><p class=\"entry-content work-description\">\u00bfCaballos salvajes en \u00c1frica? Aqu\u00ed probablemente se piensa sobre todo en las joyas del norte de \u00c1frica, los bereberes. Esta raza de caballos fue introducida muy pronto por los...<\/p><a class=\"theme-btn-link\" href=\"https:\/\/juergenputz.com\/es\/louis-botha-y-los-caballos-salvajes\/\"><div class=\"theme-btn theme-btn-outline-primary theme-hover-arrow\">Seguir leyendo<\/div><\/a><\/div><\/div><div class=\"gridblock-element grid-animate-display-all isotope-displayed gridblock-element-id-1 gridblock-element-order-6  gridblock-filterable\" data-portfolio=\"portfolio-1\" data-id=\"id-7\"><div class=\"gridblock-grid-element gridblock-element-inner\" data-portfolioid=\"1\"><div class=\"gridblock-background-hover\"><a class=\"gridblock-sole-link\" href=\"https:\/\/juergenputz.com\/es\/blog-namibia-solitario\/\"><div class=\"gridblock-links-wrap box-title-\"><span class=\"column-gridblock-icon\"><span class=\"hover-icon-effect\"><i class=\"ion-ios-plus-empty\"><\/i><\/span><\/span><\/div><\/a><\/div><img decoding=\"async\" src=\"https:\/\/juergenputz.com\/wp-content\/themes\/blacksilver\/images\/placeholders\/placeholder-770x550.gif\" data-src=\"https:\/\/juergenputz.com\/wp-content\/uploads\/2022\/05\/Solitaire-Eingang-770x550.jpg\" alt=\"\" class=\"displayed-image lazyload\"\/><\/div><div class=\"summary-info\"><div class=\"summary-date\"><i class=\"feather-icon-clock\"><\/i> 25 mayo 2022<\/div><div class=\"summary-comment\"><a href=\"https:\/\/juergenputz.com\/es\/blog-namibia-solitario\/#comments\">1 <i class=\"feather-icon-speech-bubble\"><\/i><\/a><\/div><\/div><div class=\"work-details\"><div class=\"worktype-categories\">Namibia<\/div><h4><a href=\"https:\/\/juergenputz.com\/es\/blog-namibia-solitario\/\">Solitario - Naufragios y tarta de manzana<\/a><\/h4><p class=\"entry-content work-description\">El peque\u00f1o asentamiento de \"Solitaire\" es un verdadero punto de atracci\u00f3n para muchos turistas, ya que alberga la \u00fanica gasolinera entre las costas de Walvis Bay...<\/p><a class=\"theme-btn-link\" href=\"https:\/\/juergenputz.com\/es\/blog-namibia-solitario\/\"><div class=\"theme-btn theme-btn-outline-primary theme-hover-arrow\">Seguir leyendo<\/div><\/a><\/div><\/div><\/div><\/div>\t\t\t\t<\/div>\n\t\t\t\t<\/div>\n\t\t\t\t\t<\/div>\n\t\t<\/div>\n\t\t\t\t<div class=\"elementor-column elementor-col-50 elementor-top-column elementor-element elementor-element-a176fb2\" data-id=\"a176fb2\" data-element_type=\"column\" data-e-type=\"column\">\n\t\t\t<div class=\"elementor-widget-wrap elementor-element-populated\">\n\t\t\t\t\t\t<div class=\"elementor-element elementor-element-5603786 elementor-widget__width-initial elementor-widget elementor-widget-sidebar\" data-id=\"5603786\" data-element_type=\"widget\" data-e-type=\"widget\" data-widget_type=\"sidebar.default\">\n\t\t\t\t<div class=\"elementor-widget-container\">\n\t\t\t\t\t<div class=\"sidebar-widget\"><aside id=\"search-2\" class=\"widget widget_search\"><form method=\"get\" id=\"searchform\" action=\"https:\/\/juergenputz.com\/es\/\" data-trp-original-action=\"https:\/\/juergenputz.com\/es\/\">\n<input placeholder=\"\" type=\"text\" value=\"\" name=\"s\" id=\"s\" class=\"right\" \/>\n<button class=\"ntips\" id=\"searchbutton\" title=\"Buscar en\" type=\"submit\"><i class=\"fa fa-search\"><\/i><\/button>\n<input type=\"hidden\" name=\"trp-form-language\" value=\"es\"\/><\/form>\n<\/aside><\/div><div class=\"sidebar-widget\"><aside id=\"media_image-2\" class=\"widget widget_media_image\"><h3>\u00bfQui\u00e9n escribe aqu\u00ed?<\/h3><img fetchpriority=\"high\" decoding=\"async\" width=\"300\" height=\"169\" src=\"https:\/\/juergenputz.com\/wp-content\/uploads\/2024\/08\/Kamm-des-westlichen-Kuestengebirges-300x169.jpg\" class=\"image wp-image-4959  attachment-medium size-medium\" alt=\"\" style=\"max-width: 100%; height: auto;\" srcset=\"https:\/\/juergenputz.com\/wp-content\/uploads\/2024\/08\/Kamm-des-westlichen-Kuestengebirges-300x169.jpg 300w, https:\/\/juergenputz.com\/wp-content\/uploads\/2024\/08\/Kamm-des-westlichen-Kuestengebirges-1024x576.jpg 1024w, https:\/\/juergenputz.com\/wp-content\/uploads\/2024\/08\/Kamm-des-westlichen-Kuestengebirges-768x432.jpg 768w, https:\/\/juergenputz.com\/wp-content\/uploads\/2024\/08\/Kamm-des-westlichen-Kuestengebirges-800x450.jpg 800w, https:\/\/juergenputz.com\/wp-content\/uploads\/2024\/08\/Kamm-des-westlichen-Kuestengebirges-600x338.jpg 600w, https:\/\/juergenputz.com\/wp-content\/uploads\/2024\/08\/Kamm-des-westlichen-Kuestengebirges.jpg 1400w\" sizes=\"(max-width: 300px) 100vw, 300px\" \/><\/aside><\/div>\n\t\t<div class=\"sidebar-widget\"><aside id=\"recent-posts-3\" class=\"widget widget_recent_entries\">\n\t\t<h3>Entradas recientes<\/h3>\n\t\t<ul>\n\t\t\t\t\t\t\t\t\t\t\t<li>\n\t\t\t\t\t<a href=\"https:\/\/juergenputz.com\/es\/un-viaje-al-sur-de-albania-2\/\">Le Havre: luz, aire y espacio en el Canal de la Mancha<\/a>\n\t\t\t\t\t\t\t\t\t<\/li>\n\t\t\t\t\t\t\t\t\t\t\t<li>\n\t\t\t\t\t<a href=\"https:\/\/juergenputz.com\/es\/un-viaje-al-sur-de-albania\/\">Albania: un viaje a trav\u00e9s de un pa\u00eds camino de Europa<\/a>\n\t\t\t\t\t\t\t\t\t<\/li>\n\t\t\t\t\t\t\t\t\t\t\t<li>\n\t\t\t\t\t<a href=\"https:\/\/juergenputz.com\/es\/la-ruta-de-corfu\/\">La ruta de Corf\u00fa<\/a>\n\t\t\t\t\t\t\t\t\t<\/li>\n\t\t\t\t\t\t\t\t\t\t\t<li>\n\t\t\t\t\t<a href=\"https:\/\/juergenputz.com\/es\/kolmanskuppe-y-la-fiebre-del-diamante\/\">Kolmannskuppe y la fiebre del diamante<\/a>\n\t\t\t\t\t\t\t\t\t<\/li>\n\t\t\t\t\t\t\t\t\t\t\t<li>\n\t\t\t\t\t<a href=\"https:\/\/juergenputz.com\/es\/louis-botha-y-los-caballos-salvajes\/\">Louis Botha y los caballos salvajes<\/a>\n\t\t\t\t\t\t\t\t\t<\/li>\n\t\t\t\t\t<\/ul>\n\n\t\t<\/aside><\/div><div class=\"sidebar-widget\"><aside id=\"categories-3\" class=\"widget widget_categories\"><h3>Categor\u00edas<\/h3>\n\t\t\t<ul>\n\t\t\t\t\t<li class=\"cat-item cat-item-79\"><a href=\"https:\/\/juergenputz.com\/es\/categoria\/cuadernos-de-viaje\/albania\/\">Albania<\/a>\n<\/li>\n\t<li class=\"cat-item cat-item-73\"><a href=\"https:\/\/juergenputz.com\/es\/categoria\/cuadernos-de-viaje\/francia\/\">Francia<\/a>\n<\/li>\n\t<li class=\"cat-item cat-item-74\"><a href=\"https:\/\/juergenputz.com\/es\/categoria\/cuadernos-de-viaje\/francia\/le-havre\/\">Le Havre<\/a>\n<\/li>\n\t<li class=\"cat-item cat-item-62\"><a href=\"https:\/\/juergenputz.com\/es\/categoria\/namibia\/\">Namibia<\/a>\n<\/li>\n\t<li class=\"cat-item cat-item-80\"><a href=\"https:\/\/juergenputz.com\/es\/categoria\/cuadernos-de-viaje\/viaje-por-carretera\/\">Viaje por carretera<\/a>\n<\/li>\n\t<li class=\"cat-item cat-item-75\"><a href=\"https:\/\/juergenputz.com\/es\/categoria\/cuadernos-de-viaje\/staedtereisen\/\">Escapadas urbanas<\/a>\n<\/li>\n\t<li class=\"cat-item cat-item-70\"><a href=\"https:\/\/juergenputz.com\/es\/categoria\/excursiones\/\">Excursiones<\/a>\n<\/li>\n\t\t\t<\/ul>\n\n\t\t\t<\/aside><\/div><div class=\"sidebar-widget\"><aside id=\"archives-2\" class=\"widget widget_archive\"><h3>Archivos<\/h3>\n\t\t\t<ul>\n\t\t\t\t\t<li><a href='https:\/\/juergenputz.com\/es\/2025\/04\/'>abril 2025<\/a><\/li>\n\t<li><a href='https:\/\/juergenputz.com\/es\/2024\/11\/'>noviembre 2024<\/a><\/li>\n\t<li><a href='https:\/\/juergenputz.com\/es\/2024\/07\/'>julio 2024<\/a><\/li>\n\t<li><a href='https:\/\/juergenputz.com\/es\/2022\/07\/'>julio 2022<\/a><\/li>\n\t<li><a href='https:\/\/juergenputz.com\/es\/2022\/05\/'>mayo 2022<\/a><\/li>\n\t\t\t<\/ul>\n\n\t\t\t<\/aside><\/div>\t\t\t\t<\/div>\n\t\t\t\t<\/div>\n\t\t\t\t\t<\/div>\n\t\t<\/div>\n\t\t\t\t\t<\/div>\n\t\t<\/section>\n\t\t\t\t<\/div>","protected":false},"excerpt":{"rendered":"<p>Reisegeschichten &#8222;Wie alle gro\u00dfen Reisenden habe ich mehr gesehen, als ich erinnere, und ich erinnere mich an mehr, als ich gesehen habe.&#8220; Benjamin Disraeli \u00a0&#8211; Neueste Reisegeschichten &#8211;\u00a0 26. April 20250 Frankreich , Le Havre , St\u00e4dtereisen Le Havre &#8211; Licht, Luft und Weite am \u00c4rmelkanal Le Havre &#8211; Licht, Luft und Weite am \u00c4rmelkanal Die franz\u00f6sische Stadt Le Havre liegt unmittelbar an der M\u00fcndung der Seine am \u00c4rmelkanal. Mit&#8230; Continue Reading 13. November 20241 Albanien , Road trip Eine [&hellip;]<\/p>\n","protected":false},"author":1,"featured_media":0,"parent":0,"menu_order":0,"comment_status":"closed","ping_status":"closed","template":"","meta":{"footnotes":""},"class_list":["post-1316","page","type-page","status-publish","hentry"],"_links":{"self":[{"href":"https:\/\/juergenputz.com\/es\/wp-json\/wp\/v2\/pages\/1316","targetHints":{"allow":["GET"]}}],"collection":[{"href":"https:\/\/juergenputz.com\/es\/wp-json\/wp\/v2\/pages"}],"about":[{"href":"https:\/\/juergenputz.com\/es\/wp-json\/wp\/v2\/types\/page"}],"author":[{"embeddable":true,"href":"https:\/\/juergenputz.com\/es\/wp-json\/wp\/v2\/users\/1"}],"replies":[{"embeddable":true,"href":"https:\/\/juergenputz.com\/es\/wp-json\/wp\/v2\/comments?post=1316"}],"version-history":[{"count":259,"href":"https:\/\/juergenputz.com\/es\/wp-json\/wp\/v2\/pages\/1316\/revisions"}],"predecessor-version":[{"id":5780,"href":"https:\/\/juergenputz.com\/es\/wp-json\/wp\/v2\/pages\/1316\/revisions\/5780"}],"wp:attachment":[{"href":"https:\/\/juergenputz.com\/es\/wp-json\/wp\/v2\/media?parent=1316"}],"curies":[{"name":"wp","href":"https:\/\/api.w.org\/{rel}","templated":true}]}}